{"id":101,"date":"2025-04-23T17:13:48","date_gmt":"2025-04-23T15:13:48","guid":{"rendered":"https:\/\/patrimoine-couzon.fr\/?page_id=101"},"modified":"2025-05-14T18:48:11","modified_gmt":"2025-05-14T16:48:11","slug":"blog","status":"publish","type":"page","link":"https:\/\/patrimoine-couzon.fr\/index.php\/blog\/","title":{"rendered":"Blog"},"content":{"rendered":"\t\t<div data-elementor-type=\"wp-page\" data-elementor-id=\"101\" class=\"elementor elementor-101\" data-elementor-post-type=\"page\">\n\t\t\t\t<div class=\"elementor-element elementor-element-2e99d4e e-flex e-con-boxed e-con e-parent\" data-id=\"2e99d4e\" data-element_type=\"container\" data-e-type=\"container\">\n\t\t\t\t\t<div class=\"e-con-inner\">\n\t\t\t\t<div class=\"elementor-element elementor-element-71ed649 elementor-widget elementor-widget-heading\" data-id=\"71ed649\" data-element_type=\"widget\" data-e-type=\"widget\" data-widget_type=\"heading.default\">\n\t\t\t\t<div class=\"elementor-widget-container\">\n\t\t\t\t\t<h2 class=\"elementor-heading-title elementor-size-default\">Actualit\u00e9 &amp; Histoire<\/h2>\t\t\t\t<\/div>\n\t\t\t\t<\/div>\n\t\t\t\t\t<\/div>\n\t\t\t\t<\/div>\n\t\t<div class=\"elementor-element elementor-element-fe62953 e-flex e-con-boxed e-con e-parent\" data-id=\"fe62953\" data-element_type=\"container\" data-e-type=\"container\">\n\t\t\t\t\t<div class=\"e-con-inner\">\n\t\t\t\t<div class=\"elementor-element elementor-element-12ef387 elementor-grid-3 elementor-grid-tablet-2 elementor-grid-mobile-1 elementor-posts--thumbnail-top elementor-widget elementor-widget-posts\" data-id=\"12ef387\" data-element_type=\"widget\" data-e-type=\"widget\" data-settings=\"{&quot;classic_row_gap&quot;:{&quot;unit&quot;:&quot;px&quot;,&quot;size&quot;:50,&quot;sizes&quot;:[]},&quot;classic_columns&quot;:&quot;3&quot;,&quot;classic_columns_tablet&quot;:&quot;2&quot;,&quot;classic_columns_mobile&quot;:&quot;1&quot;,&quot;classic_row_gap_tablet&quot;:{&quot;unit&quot;:&quot;px&quot;,&quot;size&quot;:&quot;&quot;,&quot;sizes&quot;:[]},&quot;classic_row_gap_mobile&quot;:{&quot;unit&quot;:&quot;px&quot;,&quot;size&quot;:&quot;&quot;,&quot;sizes&quot;:[]}}\" data-widget_type=\"posts.classic\">\n\t\t\t\t<div class=\"elementor-widget-container\">\n\t\t\t\t\t\t\t<div class=\"elementor-posts-container elementor-posts elementor-posts--skin-classic elementor-grid\" role=\"list\">\n\t\t\t\t<article class=\"elementor-post elementor-grid-item post-955 post type-post status-publish format-standard has-post-thumbnail hentry category-non-classe\" role=\"listitem\">\n\t\t\t\t<a class=\"elementor-post__thumbnail__link\" href=\"https:\/\/patrimoine-couzon.fr\/index.php\/2026\/04\/12\/merci\/\" tabindex=\"-1\" >\n\t\t\t<div class=\"elementor-post__thumbnail\"><img fetchpriority=\"high\" decoding=\"async\" width=\"707\" height=\"1019\" src=\"https:\/\/patrimoine-couzon.fr\/wp-content\/uploads\/2026\/03\/Gospel-Couzon-27-mars-2026.jpg\" class=\"attachment-full size-full wp-image-907\" alt=\"Affiche concert Gospel avec Solidarit\u00e9 Soboyo et M. Didier Repellin le 27 mars 2026 \u00e9glise de Couzon au mont d&#039;or\" srcset=\"https:\/\/patrimoine-couzon.fr\/wp-content\/uploads\/2026\/03\/Gospel-Couzon-27-mars-2026.jpg 707w, https:\/\/patrimoine-couzon.fr\/wp-content\/uploads\/2026\/03\/Gospel-Couzon-27-mars-2026-208x300.jpg 208w\" sizes=\"(max-width: 707px) 100vw, 707px\" \/><\/div>\n\t\t<\/a>\n\t\t\t\t<div class=\"elementor-post__text\">\n\t\t\t\t<h4 class=\"elementor-post__title\">\n\t\t\t<a href=\"https:\/\/patrimoine-couzon.fr\/index.php\/2026\/04\/12\/merci\/\" >\n\t\t\t\tMERCI !\t\t\t<\/a>\n\t\t<\/h4>\n\t\t\t\t<div class=\"elementor-post__excerpt\">\n\t\t\t<p>L&rsquo;APACO, Association du PAtrimoine de COuzon remercie chacune et chacun d&rsquo;entre vous d&rsquo;\u00eatre venus assister le vendredi 27 mars 2026 vers 18H30 au concert de Gospel donn\u00e9 par le groupe Solidarit\u00e9 Soboyo en soutien \u00e0 la restauration de l&rsquo;\u00e9glise de Couzon au Mont d&rsquo;or. Ce magnifique spectacle a \u00e9t\u00e9 pr\u00e9c\u00e9d\u00e9<\/p>\n\t\t<\/div>\n\t\t\n\t\t<a class=\"elementor-post__read-more\" href=\"https:\/\/patrimoine-couzon.fr\/index.php\/2026\/04\/12\/merci\/\" aria-label=\"En savoir plus sur MERCI !\" tabindex=\"-1\" >\n\t\t\tLire la suite\t\t<\/a>\n\n\t\t\t\t<\/div>\n\t\t\t\t<\/article>\n\t\t\t\t<article class=\"elementor-post elementor-grid-item post-783 post type-post status-publish format-standard has-post-thumbnail hentry category-non-classe\" role=\"listitem\">\n\t\t\t\t<a class=\"elementor-post__thumbnail__link\" href=\"https:\/\/patrimoine-couzon.fr\/index.php\/2025\/10\/07\/retour-en-images-jep-2025\/\" tabindex=\"-1\" >\n\t\t\t<div class=\"elementor-post__thumbnail\"><img decoding=\"async\" width=\"1530\" height=\"1323\" src=\"https:\/\/patrimoine-couzon.fr\/wp-content\/uploads\/2025\/10\/VISITE-GUIDEE-1-e1759860416428.jpg\" class=\"attachment-full size-full wp-image-793\" alt=\"Visite guid\u00e9e de l&#039;\u00e9glise de Couzon au Mont d&#039;Or\" srcset=\"https:\/\/patrimoine-couzon.fr\/wp-content\/uploads\/2025\/10\/VISITE-GUIDEE-1-e1759860416428.jpg 1530w, https:\/\/patrimoine-couzon.fr\/wp-content\/uploads\/2025\/10\/VISITE-GUIDEE-1-e1759860416428-300x259.jpg 300w, https:\/\/patrimoine-couzon.fr\/wp-content\/uploads\/2025\/10\/VISITE-GUIDEE-1-e1759860416428-768x664.jpg 768w, https:\/\/patrimoine-couzon.fr\/wp-content\/uploads\/2025\/10\/VISITE-GUIDEE-1-e1759860416428-1024x885.jpg 1024w\" sizes=\"(max-width: 1530px) 100vw, 1530px\" \/><\/div>\n\t\t<\/a>\n\t\t\t\t<div class=\"elementor-post__text\">\n\t\t\t\t<h4 class=\"elementor-post__title\">\n\t\t\t<a href=\"https:\/\/patrimoine-couzon.fr\/index.php\/2025\/10\/07\/retour-en-images-jep-2025\/\" >\n\t\t\t\tRetour en images : JEP 2025\t\t\t<\/a>\n\t\t<\/h4>\n\t\t\t\t<div class=\"elementor-post__excerpt\">\n\t\t\t<p>Retour en images sur les Journ\u00e9es Europ\u00e9ennes du Patrimoine 2025 Dimanche 21 septembre apr\u00e8s-midi, avec l\u2019APACO et le soutien de la commune de Couzon, ont \u00e9t\u00e9 organis\u00e9s une s\u00e9rie de concerts et de visites guid\u00e9es dans l\u2019\u00e9glise du village. \u00a0\u00a0 La Capriola-Commedia, trio de musique de la renaissance dont la<\/p>\n\t\t<\/div>\n\t\t\n\t\t<a class=\"elementor-post__read-more\" href=\"https:\/\/patrimoine-couzon.fr\/index.php\/2025\/10\/07\/retour-en-images-jep-2025\/\" aria-label=\"En savoir plus sur Retour en images : JEP 2025\" tabindex=\"-1\" >\n\t\t\tLire la suite\t\t<\/a>\n\n\t\t\t\t<\/div>\n\t\t\t\t<\/article>\n\t\t\t\t<article class=\"elementor-post elementor-grid-item post-842 post type-post status-publish format-standard has-post-thumbnail hentry category-non-classe\" role=\"listitem\">\n\t\t\t\t<a class=\"elementor-post__thumbnail__link\" href=\"https:\/\/patrimoine-couzon.fr\/index.php\/2025\/06\/02\/avant-projet-rlarl\/\" tabindex=\"-1\" >\n\t\t\t<div class=\"elementor-post__thumbnail\"><img decoding=\"async\" width=\"1248\" height=\"885\" src=\"https:\/\/patrimoine-couzon.fr\/wp-content\/uploads\/2025\/11\/Couverture-RLA-Avant-Projet.jpeg\" class=\"attachment-full size-full wp-image-847\" alt=\"Couverture RL&amp;A - Avant Projet \u00e9glise de Couzon au Mont d&#039;Or\" srcset=\"https:\/\/patrimoine-couzon.fr\/wp-content\/uploads\/2025\/11\/Couverture-RLA-Avant-Projet.jpeg 1248w, https:\/\/patrimoine-couzon.fr\/wp-content\/uploads\/2025\/11\/Couverture-RLA-Avant-Projet-300x213.jpeg 300w, https:\/\/patrimoine-couzon.fr\/wp-content\/uploads\/2025\/11\/Couverture-RLA-Avant-Projet-1024x726.jpeg 1024w, https:\/\/patrimoine-couzon.fr\/wp-content\/uploads\/2025\/11\/Couverture-RLA-Avant-Projet-768x545.jpeg 768w\" sizes=\"(max-width: 1248px) 100vw, 1248px\" \/><\/div>\n\t\t<\/a>\n\t\t\t\t<div class=\"elementor-post__text\">\n\t\t\t\t<h4 class=\"elementor-post__title\">\n\t\t\t<a href=\"https:\/\/patrimoine-couzon.fr\/index.php\/2025\/06\/02\/avant-projet-rlarl\/\" >\n\t\t\t\tAvant Projet RL&amp;A\t\t\t<\/a>\n\t\t<\/h4>\n\t\t\t\t<div class=\"elementor-post__excerpt\">\n\t\t\t<p>Avant projet RL&amp;A Retrouvez l&rsquo;avant projet du cabinet d&rsquo;architectes RL&amp;A pour la restauration de l&rsquo;\u00e9glise de Couzon au Mont d&rsquo;Or<\/p>\n\t\t<\/div>\n\t\t\n\t\t<a class=\"elementor-post__read-more\" href=\"https:\/\/patrimoine-couzon.fr\/index.php\/2025\/06\/02\/avant-projet-rlarl\/\" aria-label=\"En savoir plus sur Avant Projet RL&amp;A\" tabindex=\"-1\" >\n\t\t\tLire la suite\t\t<\/a>\n\n\t\t\t\t<\/div>\n\t\t\t\t<\/article>\n\t\t\t\t<article class=\"elementor-post elementor-grid-item post-326 post type-post status-publish format-standard has-post-thumbnail hentry category-non-classe\" role=\"listitem\">\n\t\t\t\t<a class=\"elementor-post__thumbnail__link\" href=\"https:\/\/patrimoine-couzon.fr\/index.php\/2025\/06\/01\/signature-convention-tripartite\/\" tabindex=\"-1\" >\n\t\t\t<div class=\"elementor-post__thumbnail\"><img loading=\"lazy\" decoding=\"async\" width=\"1106\" height=\"817\" src=\"https:\/\/patrimoine-couzon.fr\/wp-content\/uploads\/2025\/05\/Signature-convention-tripartite.png\" class=\"attachment-full size-full wp-image-494\" alt=\"Signature convention tripartite\" srcset=\"https:\/\/patrimoine-couzon.fr\/wp-content\/uploads\/2025\/05\/Signature-convention-tripartite.png 1106w, https:\/\/patrimoine-couzon.fr\/wp-content\/uploads\/2025\/05\/Signature-convention-tripartite-300x222.png 300w, https:\/\/patrimoine-couzon.fr\/wp-content\/uploads\/2025\/05\/Signature-convention-tripartite-1024x756.png 1024w, https:\/\/patrimoine-couzon.fr\/wp-content\/uploads\/2025\/05\/Signature-convention-tripartite-768x567.png 768w\" sizes=\"(max-width: 1106px) 100vw, 1106px\" \/><\/div>\n\t\t<\/a>\n\t\t\t\t<div class=\"elementor-post__text\">\n\t\t\t\t<h4 class=\"elementor-post__title\">\n\t\t\t<a href=\"https:\/\/patrimoine-couzon.fr\/index.php\/2025\/06\/01\/signature-convention-tripartite\/\" >\n\t\t\t\tSignature convention tripartite\t\t\t<\/a>\n\t\t<\/h4>\n\t\t\t\t<div class=\"elementor-post__excerpt\">\n\t\t\t<p>Signature de la convention tripartite Elle devrait permettre de restaurer l\u2019\u00e9glise. Le dossier avait \u00e9t\u00e9 examin\u00e9 par les \u00e9lus au cours de la s\u00e9ance du conseil municipal du 18 juin dernier et adopt\u00e9 \u00e0 l\u2019unanimit\u00e9. La restauration de l\u2019\u00e9glise Saint-Maurice est un vaste chantier qui devrait s\u2019\u00e9taler sur dix ans<\/p>\n\t\t<\/div>\n\t\t\n\t\t<a class=\"elementor-post__read-more\" href=\"https:\/\/patrimoine-couzon.fr\/index.php\/2025\/06\/01\/signature-convention-tripartite\/\" aria-label=\"En savoir plus sur Signature convention tripartite\" tabindex=\"-1\" >\n\t\t\tLire la suite\t\t<\/a>\n\n\t\t\t\t<\/div>\n\t\t\t\t<\/article>\n\t\t\t\t<article class=\"elementor-post elementor-grid-item post-564 post type-post status-publish format-standard has-post-thumbnail hentry category-non-classe\" role=\"listitem\">\n\t\t\t\t<a class=\"elementor-post__thumbnail__link\" href=\"https:\/\/patrimoine-couzon.fr\/index.php\/2025\/06\/01\/jep-2025-a-couzon\/\" tabindex=\"-1\" >\n\t\t\t<div class=\"elementor-post__thumbnail\"><img loading=\"lazy\" decoding=\"async\" width=\"1139\" height=\"1512\" src=\"https:\/\/patrimoine-couzon.fr\/wp-content\/uploads\/2025\/07\/Affiche-JEP-2025.png\" class=\"attachment-full size-full wp-image-585\" alt=\"Affiche JEP 2025\" srcset=\"https:\/\/patrimoine-couzon.fr\/wp-content\/uploads\/2025\/07\/Affiche-JEP-2025.png 1139w, https:\/\/patrimoine-couzon.fr\/wp-content\/uploads\/2025\/07\/Affiche-JEP-2025-226x300.png 226w, https:\/\/patrimoine-couzon.fr\/wp-content\/uploads\/2025\/07\/Affiche-JEP-2025-771x1024.png 771w, https:\/\/patrimoine-couzon.fr\/wp-content\/uploads\/2025\/07\/Affiche-JEP-2025-768x1020.png 768w\" sizes=\"(max-width: 1139px) 100vw, 1139px\" \/><\/div>\n\t\t<\/a>\n\t\t\t\t<div class=\"elementor-post__text\">\n\t\t\t\t<h4 class=\"elementor-post__title\">\n\t\t\t<a href=\"https:\/\/patrimoine-couzon.fr\/index.php\/2025\/06\/01\/jep-2025-a-couzon\/\" >\n\t\t\t\tJEP 2025 \u00e0 Couzon\t\t\t<\/a>\n\t\t<\/h4>\n\t\t\t\t<div class=\"elementor-post__excerpt\">\n\t\t\t<p>Dimanche 21 septembre 2025, l&rsquo;APACO organise 2 \u00e9v\u00e9nements entre 14h \u00e0 18h pour les journ\u00e9es europ\u00e9ennes du patrimoine Visites guid\u00e9es de l&rsquo;\u00e9glise Saint Maurice Lucas Frangella \/ APACO Les visites seront faites par les membres de l&rsquo;association avec Rose-Marie et Claudine \u00e0 qui vous pourrez poser toutes vos questions. Concert<\/p>\n\t\t<\/div>\n\t\t\n\t\t<a class=\"elementor-post__read-more\" href=\"https:\/\/patrimoine-couzon.fr\/index.php\/2025\/06\/01\/jep-2025-a-couzon\/\" aria-label=\"En savoir plus sur JEP 2025 \u00e0 Couzon\" tabindex=\"-1\" >\n\t\t\tLire la suite\t\t<\/a>\n\n\t\t\t\t<\/div>\n\t\t\t\t<\/article>\n\t\t\t\t<article class=\"elementor-post elementor-grid-item post-170 post type-post status-publish format-standard has-post-thumbnail hentry category-non-classe\" role=\"listitem\">\n\t\t\t\t<a class=\"elementor-post__thumbnail__link\" href=\"https:\/\/patrimoine-couzon.fr\/index.php\/2025\/05\/31\/un-point-sur-la-collecte\/\" tabindex=\"-1\" >\n\t\t\t<div class=\"elementor-post__thumbnail\"><img loading=\"lazy\" decoding=\"async\" width=\"594\" height=\"335\" src=\"https:\/\/patrimoine-couzon.fr\/wp-content\/uploads\/2025\/04\/Un-point-sur-la-colecte-eglise-saint-maurice.webp\" class=\"attachment-full size-full wp-image-171\" alt=\"\" srcset=\"https:\/\/patrimoine-couzon.fr\/wp-content\/uploads\/2025\/04\/Un-point-sur-la-colecte-eglise-saint-maurice.webp 594w, https:\/\/patrimoine-couzon.fr\/wp-content\/uploads\/2025\/04\/Un-point-sur-la-colecte-eglise-saint-maurice-300x169.webp 300w\" sizes=\"(max-width: 594px) 100vw, 594px\" \/><\/div>\n\t\t<\/a>\n\t\t\t\t<div class=\"elementor-post__text\">\n\t\t\t\t<h4 class=\"elementor-post__title\">\n\t\t\t<a href=\"https:\/\/patrimoine-couzon.fr\/index.php\/2025\/05\/31\/un-point-sur-la-collecte\/\" >\n\t\t\t\tUn point sur la collecte\t\t\t<\/a>\n\t\t<\/h4>\n\t\t\t\t<div class=\"elementor-post__excerpt\">\n\t\t\t<p>APACO Association du Patrimoine de Couzon au Mont d&rsquo;Or Depuis sa cr\u00e9ation en 2023, l\u2019association pour le patrimoine de Couzon (APACO), attach\u00e9e \u00e0 transmettre le patrimoine communal, s\u2019est engag\u00e9e en mettant l&rsquo;accent sur l\u2019animation et la valorisation de l\u2019\u00e9glise pendant sa restauration et son entretien, ainsi que la participation \u00e0<\/p>\n\t\t<\/div>\n\t\t\n\t\t<a class=\"elementor-post__read-more\" href=\"https:\/\/patrimoine-couzon.fr\/index.php\/2025\/05\/31\/un-point-sur-la-collecte\/\" aria-label=\"En savoir plus sur Un point sur la collecte\" tabindex=\"-1\" >\n\t\t\tLire la suite\t\t<\/a>\n\n\t\t\t\t<\/div>\n\t\t\t\t<\/article>\n\t\t\t\t<article class=\"elementor-post elementor-grid-item post-648 post type-post status-publish format-standard has-post-thumbnail hentry category-non-classe\" role=\"listitem\">\n\t\t\t\t<a class=\"elementor-post__thumbnail__link\" href=\"https:\/\/patrimoine-couzon.fr\/index.php\/2025\/05\/29\/je-fete-mon-1er-anniversaire\/\" tabindex=\"-1\" >\n\t\t\t<div class=\"elementor-post__thumbnail\"><img loading=\"lazy\" decoding=\"async\" width=\"1333\" height=\"1000\" src=\"https:\/\/patrimoine-couzon.fr\/wp-content\/uploads\/2025\/07\/Plaque-MH-1er-juin-2024-4.jpg\" class=\"attachment-full size-full wp-image-655\" alt=\"\" srcset=\"https:\/\/patrimoine-couzon.fr\/wp-content\/uploads\/2025\/07\/Plaque-MH-1er-juin-2024-4.jpg 1333w, https:\/\/patrimoine-couzon.fr\/wp-content\/uploads\/2025\/07\/Plaque-MH-1er-juin-2024-4-300x225.jpg 300w, https:\/\/patrimoine-couzon.fr\/wp-content\/uploads\/2025\/07\/Plaque-MH-1er-juin-2024-4-1024x768.jpg 1024w, https:\/\/patrimoine-couzon.fr\/wp-content\/uploads\/2025\/07\/Plaque-MH-1er-juin-2024-4-768x576.jpg 768w\" sizes=\"(max-width: 1333px) 100vw, 1333px\" \/><\/div>\n\t\t<\/a>\n\t\t\t\t<div class=\"elementor-post__text\">\n\t\t\t\t<h4 class=\"elementor-post__title\">\n\t\t\t<a href=\"https:\/\/patrimoine-couzon.fr\/index.php\/2025\/05\/29\/je-fete-mon-1er-anniversaire\/\" >\n\t\t\t\tJe f\u00eate mon 1er anniversaire !\t\t\t<\/a>\n\t\t<\/h4>\n\t\t\t\t<div class=\"elementor-post__excerpt\">\n\t\t\t<p>Ensemble, nous avons pos\u00e9 la plaque des monuments historiques sur la fa\u00e7ade de l&rsquo;\u00e9glise Saint Maurice de Couzon. Retour en images sur le samedi 1er juin 2024.<\/p>\n\t\t<\/div>\n\t\t\n\t\t<a class=\"elementor-post__read-more\" href=\"https:\/\/patrimoine-couzon.fr\/index.php\/2025\/05\/29\/je-fete-mon-1er-anniversaire\/\" aria-label=\"En savoir plus sur Je f\u00eate mon 1er anniversaire !\" tabindex=\"-1\" >\n\t\t\tLire la suite\t\t<\/a>\n\n\t\t\t\t<\/div>\n\t\t\t\t<\/article>\n\t\t\t\t<article class=\"elementor-post elementor-grid-item post-345 post type-post status-publish format-standard has-post-thumbnail hentry category-non-classe\" role=\"listitem\">\n\t\t\t\t<a class=\"elementor-post__thumbnail__link\" href=\"https:\/\/patrimoine-couzon.fr\/index.php\/2025\/05\/06\/histoire-temoignages-couzonnais\/\" tabindex=\"-1\" >\n\t\t\t<div class=\"elementor-post__thumbnail\"><img loading=\"lazy\" decoding=\"async\" width=\"771\" height=\"505\" src=\"https:\/\/patrimoine-couzon.fr\/wp-content\/uploads\/2025\/05\/temoignage-couzonnais-actualite-hitoire.webp\" class=\"attachment-full size-full wp-image-365\" alt=\"\" srcset=\"https:\/\/patrimoine-couzon.fr\/wp-content\/uploads\/2025\/05\/temoignage-couzonnais-actualite-hitoire.webp 771w, https:\/\/patrimoine-couzon.fr\/wp-content\/uploads\/2025\/05\/temoignage-couzonnais-actualite-hitoire-300x196.webp 300w, https:\/\/patrimoine-couzon.fr\/wp-content\/uploads\/2025\/05\/temoignage-couzonnais-actualite-hitoire-768x503.webp 768w\" sizes=\"(max-width: 771px) 100vw, 771px\" \/><\/div>\n\t\t<\/a>\n\t\t\t\t<div class=\"elementor-post__text\">\n\t\t\t\t<h4 class=\"elementor-post__title\">\n\t\t\t<a href=\"https:\/\/patrimoine-couzon.fr\/index.php\/2025\/05\/06\/histoire-temoignages-couzonnais\/\" >\n\t\t\t\tHistoire &#8211; T\u00e9moignages couzonnais\t\t\t<\/a>\n\t\t<\/h4>\n\t\t\t\t<div class=\"elementor-post__excerpt\">\n\t\t\t<p>Histoire &#8211; T\u00e9moignages couzonnais<\/p>\n\t\t<\/div>\n\t\t\n\t\t<a class=\"elementor-post__read-more\" href=\"https:\/\/patrimoine-couzon.fr\/index.php\/2025\/05\/06\/histoire-temoignages-couzonnais\/\" aria-label=\"En savoir plus sur Histoire &#8211; T\u00e9moignages couzonnais\" tabindex=\"-1\" >\n\t\t\tLire la suite\t\t<\/a>\n\n\t\t\t\t<\/div>\n\t\t\t\t<\/article>\n\t\t\t\t<article class=\"elementor-post elementor-grid-item post-471 post type-post status-publish format-standard has-post-thumbnail hentry category-non-classe\" role=\"listitem\">\n\t\t\t\t<a class=\"elementor-post__thumbnail__link\" href=\"https:\/\/patrimoine-couzon.fr\/index.php\/2025\/05\/02\/etude-rla-repellin\/\" tabindex=\"-1\" >\n\t\t\t<div class=\"elementor-post__thumbnail\"><img loading=\"lazy\" decoding=\"async\" width=\"483\" height=\"486\" src=\"https:\/\/patrimoine-couzon.fr\/wp-content\/uploads\/2025\/05\/Couv-etude-Repellin-e1759860816542.png\" class=\"attachment-full size-full wp-image-473\" alt=\"Couverture de l&#039;\u00e9tude R\u00e9pellin\" srcset=\"https:\/\/patrimoine-couzon.fr\/wp-content\/uploads\/2025\/05\/Couv-etude-Repellin-e1759860816542.png 483w, https:\/\/patrimoine-couzon.fr\/wp-content\/uploads\/2025\/05\/Couv-etude-Repellin-e1759860816542-150x150.png 150w, https:\/\/patrimoine-couzon.fr\/wp-content\/uploads\/2025\/05\/Couv-etude-Repellin-e1759860816542-298x300.png 298w\" sizes=\"(max-width: 483px) 100vw, 483px\" \/><\/div>\n\t\t<\/a>\n\t\t\t\t<div class=\"elementor-post__text\">\n\t\t\t\t<h4 class=\"elementor-post__title\">\n\t\t\t<a href=\"https:\/\/patrimoine-couzon.fr\/index.php\/2025\/05\/02\/etude-rla-repellin\/\" >\n\t\t\t\t\u00c9tudes RL&amp;A (R\u00e9pellin)\t\t\t<\/a>\n\t\t<\/h4>\n\t\t\t\t<div class=\"elementor-post__excerpt\">\n\t\t\t<p>RL&amp;A &#8211; \u00c9tudes compl\u00e8tes Ancienne \u00e9glise de Couzon en 1852 [Pr\u00e9inventaire de Couzon-au-Mont-d&rsquo;Or, 1998] Gravure de 1852. Ancienne \u00e9glise Saint Maurice et projection de la nouvelle &#8211; 1855 sign\u00e9e W. L\u00e9o [Pr\u00e9inventaire de Couzon-au-Mont-d&rsquo;Or, 1998] Retrouvez l&rsquo;ensemble des \u00e9tudes pr\u00e9liminaires effectu\u00e9es par le cabinet Repellin sur l&rsquo;\u00e9glise Saint Maurice de<\/p>\n\t\t<\/div>\n\t\t\n\t\t<a class=\"elementor-post__read-more\" href=\"https:\/\/patrimoine-couzon.fr\/index.php\/2025\/05\/02\/etude-rla-repellin\/\" aria-label=\"En savoir plus sur \u00c9tudes RL&amp;A (R\u00e9pellin)\" tabindex=\"-1\" >\n\t\t\tLire la suite\t\t<\/a>\n\n\t\t\t\t<\/div>\n\t\t\t\t<\/article>\n\t\t\t\t<\/div>\n\t\t\n\t\t\t\t\t\t<\/div>\n\t\t\t\t<\/div>\n\t\t\t\t\t<\/div>\n\t\t\t\t<\/div>\n\t\t\t\t<\/div>\n\t\t","protected":false},"excerpt":{"rendered":"<p>Actualit\u00e9 &#038; Histoire<\/p>\n","protected":false},"author":1,"featured_media":142,"parent":0,"menu_order":0,"comment_status":"closed","ping_status":"closed","template":"","meta":{"footnotes":""},"class_list":["post-101","page","type-page","status-publish","has-post-thumbnail","hentry"],"yoast_head":"<!-- This site is optimized with the Yoast SEO plugin v24.9 - https:\/\/yoast.com\/wordpress\/plugins\/seo\/ -->\n<title>Blog - Patrimoine Couzon<\/title>\n<meta name=\"robots\" content=\"index, follow, max-snippet:-1, max-image-preview:large, max-video-preview:-1\" \/>\n<link rel=\"canonical\" href=\"https:\/\/patrimoine-couzon.fr\/index.php\/blog\/\" \/>\n<meta property=\"og:locale\" content=\"fr_FR\" \/>\n<meta property=\"og:type\" content=\"article\" \/>\n<meta property=\"og:title\" content=\"Blog - Patrimoine Couzon\" \/>\n<meta property=\"og:description\" content=\"Actualit\u00e9 &#038; Histoire\" \/>\n<meta property=\"og:url\" content=\"https:\/\/patrimoine-couzon.fr\/index.php\/blog\/\" \/>\n<meta property=\"og:site_name\" content=\"Patrimoine Couzon\" \/>\n<meta property=\"article:modified_time\" content=\"2025-05-14T16:48:11+00:00\" \/>\n<meta property=\"og:image\" content=\"https:\/\/patrimoine-couzon.fr\/wp-content\/uploads\/2025\/04\/Zoom-sur-une-pepite-Eucher-de-Lyon.webp\" \/>\n\t<meta property=\"og:image:width\" content=\"746\" \/>\n\t<meta property=\"og:image:height\" content=\"864\" \/>\n\t<meta property=\"og:image:type\" content=\"image\/webp\" \/>\n<meta name=\"twitter:card\" content=\"summary_large_image\" \/>\n<meta name=\"twitter:label1\" content=\"Dur\u00e9e de lecture estim\u00e9e\" \/>\n\t<meta name=\"twitter:data1\" content=\"3 minutes\" \/>\n<script type=\"application\/ld+json\" class=\"yoast-schema-graph\">{\"@context\":\"https:\/\/schema.org\",\"@graph\":[{\"@type\":\"WebPage\",\"@id\":\"https:\/\/patrimoine-couzon.fr\/index.php\/blog\/\",\"url\":\"https:\/\/patrimoine-couzon.fr\/index.php\/blog\/\",\"name\":\"Blog - Patrimoine Couzon\",\"isPartOf\":{\"@id\":\"https:\/\/patrimoine-couzon.fr\/#website\"},\"primaryImageOfPage\":{\"@id\":\"https:\/\/patrimoine-couzon.fr\/index.php\/blog\/#primaryimage\"},\"image\":{\"@id\":\"https:\/\/patrimoine-couzon.fr\/index.php\/blog\/#primaryimage\"},\"thumbnailUrl\":\"https:\/\/patrimoine-couzon.fr\/wp-content\/uploads\/2025\/04\/Zoom-sur-une-pepite-Eucher-de-Lyon.webp\",\"datePublished\":\"2025-04-23T15:13:48+00:00\",\"dateModified\":\"2025-05-14T16:48:11+00:00\",\"breadcrumb\":{\"@id\":\"https:\/\/patrimoine-couzon.fr\/index.php\/blog\/#breadcrumb\"},\"inLanguage\":\"fr-FR\",\"potentialAction\":[{\"@type\":\"ReadAction\",\"target\":[\"https:\/\/patrimoine-couzon.fr\/index.php\/blog\/\"]}]},{\"@type\":\"ImageObject\",\"inLanguage\":\"fr-FR\",\"@id\":\"https:\/\/patrimoine-couzon.fr\/index.php\/blog\/#primaryimage\",\"url\":\"https:\/\/patrimoine-couzon.fr\/wp-content\/uploads\/2025\/04\/Zoom-sur-une-pepite-Eucher-de-Lyon.webp\",\"contentUrl\":\"https:\/\/patrimoine-couzon.fr\/wp-content\/uploads\/2025\/04\/Zoom-sur-une-pepite-Eucher-de-Lyon.webp\",\"width\":746,\"height\":864},{\"@type\":\"BreadcrumbList\",\"@id\":\"https:\/\/patrimoine-couzon.fr\/index.php\/blog\/#breadcrumb\",\"itemListElement\":[{\"@type\":\"ListItem\",\"position\":1,\"name\":\"Home\",\"item\":\"https:\/\/patrimoine-couzon.fr\/\"},{\"@type\":\"ListItem\",\"position\":2,\"name\":\"Blog\"}]},{\"@type\":\"WebSite\",\"@id\":\"https:\/\/patrimoine-couzon.fr\/#website\",\"url\":\"https:\/\/patrimoine-couzon.fr\/\",\"name\":\"Patrimoine Couzon APACO\",\"description\":\"Ensemble, \u0153uvrons pour la restauration de l\u2019\u00e9glise de Couzon-au-Mont-d\u2019Or\",\"publisher\":{\"@id\":\"https:\/\/patrimoine-couzon.fr\/#organization\"},\"alternateName\":\"L\u2019association pour le patrimoine de Couzon (APACO)\",\"potentialAction\":[{\"@type\":\"SearchAction\",\"target\":{\"@type\":\"EntryPoint\",\"urlTemplate\":\"https:\/\/patrimoine-couzon.fr\/?s={search_term_string}\"},\"query-input\":{\"@type\":\"PropertyValueSpecification\",\"valueRequired\":true,\"valueName\":\"search_term_string\"}}],\"inLanguage\":\"fr-FR\"},{\"@type\":\"Organization\",\"@id\":\"https:\/\/patrimoine-couzon.fr\/#organization\",\"name\":\"Patrimoine Couzon APACO\",\"alternateName\":\"L\u2019association pour le patrimoine de Couzon (APACO)\",\"url\":\"https:\/\/patrimoine-couzon.fr\/\",\"logo\":{\"@type\":\"ImageObject\",\"inLanguage\":\"fr-FR\",\"@id\":\"https:\/\/patrimoine-couzon.fr\/#\/schema\/logo\/image\/\",\"url\":\"https:\/\/patrimoine-couzon.fr\/wp-content\/uploads\/2025\/04\/logo-patrimoine-couzon-apaco-png.webp\",\"contentUrl\":\"https:\/\/patrimoine-couzon.fr\/wp-content\/uploads\/2025\/04\/logo-patrimoine-couzon-apaco-png.webp\",\"width\":312,\"height\":70,\"caption\":\"Patrimoine Couzon APACO\"},\"image\":{\"@id\":\"https:\/\/patrimoine-couzon.fr\/#\/schema\/logo\/image\/\"}}]}<\/script>\n<!-- \/ Yoast SEO plugin. -->","yoast_head_json":{"title":"Blog - Patrimoine Couzon","robots":{"index":"index","follow":"follow","max-snippet":"max-snippet:-1","max-image-preview":"max-image-preview:large","max-video-preview":"max-video-preview:-1"},"canonical":"https:\/\/patrimoine-couzon.fr\/index.php\/blog\/","og_locale":"fr_FR","og_type":"article","og_title":"Blog - Patrimoine Couzon","og_description":"Actualit\u00e9 &#038; Histoire","og_url":"https:\/\/patrimoine-couzon.fr\/index.php\/blog\/","og_site_name":"Patrimoine Couzon","article_modified_time":"2025-05-14T16:48:11+00:00","og_image":[{"width":746,"height":864,"url":"https:\/\/patrimoine-couzon.fr\/wp-content\/uploads\/2025\/04\/Zoom-sur-une-pepite-Eucher-de-Lyon.webp","type":"image\/webp"}],"twitter_card":"summary_large_image","twitter_misc":{"Dur\u00e9e de lecture estim\u00e9e":"3 minutes"},"schema":{"@context":"https:\/\/schema.org","@graph":[{"@type":"WebPage","@id":"https:\/\/patrimoine-couzon.fr\/index.php\/blog\/","url":"https:\/\/patrimoine-couzon.fr\/index.php\/blog\/","name":"Blog - Patrimoine Couzon","isPartOf":{"@id":"https:\/\/patrimoine-couzon.fr\/#website"},"primaryImageOfPage":{"@id":"https:\/\/patrimoine-couzon.fr\/index.php\/blog\/#primaryimage"},"image":{"@id":"https:\/\/patrimoine-couzon.fr\/index.php\/blog\/#primaryimage"},"thumbnailUrl":"https:\/\/patrimoine-couzon.fr\/wp-content\/uploads\/2025\/04\/Zoom-sur-une-pepite-Eucher-de-Lyon.webp","datePublished":"2025-04-23T15:13:48+00:00","dateModified":"2025-05-14T16:48:11+00:00","breadcrumb":{"@id":"https:\/\/patrimoine-couzon.fr\/index.php\/blog\/#breadcrumb"},"inLanguage":"fr-FR","potentialAction":[{"@type":"ReadAction","target":["https:\/\/patrimoine-couzon.fr\/index.php\/blog\/"]}]},{"@type":"ImageObject","inLanguage":"fr-FR","@id":"https:\/\/patrimoine-couzon.fr\/index.php\/blog\/#primaryimage","url":"https:\/\/patrimoine-couzon.fr\/wp-content\/uploads\/2025\/04\/Zoom-sur-une-pepite-Eucher-de-Lyon.webp","contentUrl":"https:\/\/patrimoine-couzon.fr\/wp-content\/uploads\/2025\/04\/Zoom-sur-une-pepite-Eucher-de-Lyon.webp","width":746,"height":864},{"@type":"BreadcrumbList","@id":"https:\/\/patrimoine-couzon.fr\/index.php\/blog\/#breadcrumb","itemListElement":[{"@type":"ListItem","position":1,"name":"Home","item":"https:\/\/patrimoine-couzon.fr\/"},{"@type":"ListItem","position":2,"name":"Blog"}]},{"@type":"WebSite","@id":"https:\/\/patrimoine-couzon.fr\/#website","url":"https:\/\/patrimoine-couzon.fr\/","name":"Patrimoine Couzon APACO","description":"Ensemble, \u0153uvrons pour la restauration de l\u2019\u00e9glise de Couzon-au-Mont-d\u2019Or","publisher":{"@id":"https:\/\/patrimoine-couzon.fr\/#organization"},"alternateName":"L\u2019association pour le patrimoine de Couzon (APACO)","potentialAction":[{"@type":"SearchAction","target":{"@type":"EntryPoint","urlTemplate":"https:\/\/patrimoine-couzon.fr\/?s={search_term_string}"},"query-input":{"@type":"PropertyValueSpecification","valueRequired":true,"valueName":"search_term_string"}}],"inLanguage":"fr-FR"},{"@type":"Organization","@id":"https:\/\/patrimoine-couzon.fr\/#organization","name":"Patrimoine Couzon APACO","alternateName":"L\u2019association pour le patrimoine de Couzon (APACO)","url":"https:\/\/patrimoine-couzon.fr\/","logo":{"@type":"ImageObject","inLanguage":"fr-FR","@id":"https:\/\/patrimoine-couzon.fr\/#\/schema\/logo\/image\/","url":"https:\/\/patrimoine-couzon.fr\/wp-content\/uploads\/2025\/04\/logo-patrimoine-couzon-apaco-png.webp","contentUrl":"https:\/\/patrimoine-couzon.fr\/wp-content\/uploads\/2025\/04\/logo-patrimoine-couzon-apaco-png.webp","width":312,"height":70,"caption":"Patrimoine Couzon APACO"},"image":{"@id":"https:\/\/patrimoine-couzon.fr\/#\/schema\/logo\/image\/"}}]}},"_links":{"self":[{"href":"https:\/\/patrimoine-couzon.fr\/index.php\/wp-json\/wp\/v2\/pages\/101","targetHints":{"allow":["GET"]}}],"collection":[{"href":"https:\/\/patrimoine-couzon.fr\/index.php\/wp-json\/wp\/v2\/pages"}],"about":[{"href":"https:\/\/patrimoine-couzon.fr\/index.php\/wp-json\/wp\/v2\/types\/page"}],"author":[{"embeddable":true,"href":"https:\/\/patrimoine-couzon.fr\/index.php\/wp-json\/wp\/v2\/users\/1"}],"replies":[{"embeddable":true,"href":"https:\/\/patrimoine-couzon.fr\/index.php\/wp-json\/wp\/v2\/comments?post=101"}],"version-history":[{"count":37,"href":"https:\/\/patrimoine-couzon.fr\/index.php\/wp-json\/wp\/v2\/pages\/101\/revisions"}],"predecessor-version":[{"id":456,"href":"https:\/\/patrimoine-couzon.fr\/index.php\/wp-json\/wp\/v2\/pages\/101\/revisions\/456"}],"wp:featuredmedia":[{"embeddable":true,"href":"https:\/\/patrimoine-couzon.fr\/index.php\/wp-json\/wp\/v2\/media\/142"}],"wp:attachment":[{"href":"https:\/\/patrimoine-couzon.fr\/index.php\/wp-json\/wp\/v2\/media?parent=101"}],"curies":[{"name":"wp","href":"https:\/\/api.w.org\/{rel}","templated":true}]}}